{"id":4792,"date":"2018-08-14T10:11:28","date_gmt":"2018-08-14T10:11:28","guid":{"rendered":"https:\/\/www.losesculloscabodegata.com\/eventos-prueba\/"},"modified":"2018-08-17T08:17:30","modified_gmt":"2018-08-17T08:17:30","slug":"weekly-events","status":"publish","type":"page","link":"https:\/\/www.losesculloscabodegata.com\/en\/weekly-events\/","title":{"rendered":"Events"},"content":{"rendered":"<div class=\"wpb-content-wrapper\"><p>[vc_row][vc_column][vc_column_text]<div id='evcal_calendar_388' class='ajde_evcal_calendar ' ><div class='evo-data' data-cyear=\"2026\" data-cmonth=\"8\" data-runajax=\"1\" data-evc_open=\"0\" data-cal_ver=\"2.6.11\" data-mapscroll=\"true\" data-mapformat=\"roadmap\" data-mapzoom=\"18\" data-mapiconurl=\"\" data-ev_cnt=\"0\" data-show_limit=\"no\" data-tiles=\"no\" data-sort_by=\"sort_date\" data-filters_on=\"false\" data-range_start=\"0\" data-range_end=\"0\" data-send_unix=\"0\" data-ux_val=\"0\" data-accord=\"0\" data-rtl=\"no\"  ><\/div><div id='evcal_head' class='calendar_header ' ><div class='evo_cal_above'><span class='evo-gototoday-btn' style='display:none' data-mo='8' data-yr='2026' data-dy=''>Mes actual<\/span><\/div><div class='evo_cal_above_content'><\/div><p id='evcal_cur' class='evo_month_title'> Agosto, 2026<\/p><p class='evo_arrows'><span id='evcal_prev' class='evcal_arrows evcal_btn_prev' ><i class='fa fa-angle-left'><\/i><\/span><span id='evcal_next' class='evcal_arrows evcal_btn_next' ><i class='fa fa-angle-right'><\/i><\/span><\/p><div class='cal_arguments' style='display:none' data-hide_past=\"no\" data-show_et_ft_img=\"yes\" data-event_order=\"ASC\" data-ft_event_priority=\"no\" data-lang=\"L1\" data-month_incre=\"0\" data-only_ft=\"no\" data-evc_open=\"no\" data-show_limit=\"no\" data-etc_override=\"no\" data-show_limit_redir=\"0\" data-tiles=\"no\" data-tile_height=\"0\" data-tile_bg=\"0\" data-tile_count=\"2\" data-tile_style=\"0\" data-s=\"\" data-members_only=\"no\" data-ux_val=\"0\" data-show_limit_ajax=\"no\" data-show_limit_paged=\"1\" data-hide_mult_occur=\"no\" data-show_repeats=\"no\" ><\/div><div class='clear'><\/div><\/div><a class='evo_sort_btn'>Filtros del evento<\/a><div class='eventon_sorting_section' style='display:none'>\r\n\t\t\t\t\t\t<div class='eventon_sort_line evo_sortOpt' >\r\n\t\t\t\t\t\t\t<div class='evo_sortby'><p>Ordenar por:<\/p><\/div>\r\n\t\t\t\t\t\t\t<div class='evo_srt_sel'><p class='fa'>Fecha<\/p><div class='evo_srt_options'><p data-val='sort_date' data-type='date' class='evs_btn evs_hide' >Fecha<\/p><p data-val='sort_posted' data-type='posted' class='evs_btn ' >Fecha creaci\u00f3n<\/p><\/div><\/div><div class='clear'><\/div>\r\n\t\t\t\t\t\t<\/div><div class='eventon_filter_line '><div class='eventon_filter' data-filter_field='event_type' data-filter_val='all' data-filter_type='tax' data-fl_o='IN'><\/div><div class='eventon_filter' data-filter_field='event_type_2' data-filter_val='all' data-filter_type='tax' data-fl_o='IN'><\/div><div class='eventon_filter' data-filter_field='event_type_3' data-filter_val='all' data-filter_type='tax' data-fl_o='IN'><\/div><div class='eventon_filter' data-filter_field='event_type_4' data-filter_val='all' data-filter_type='tax' data-fl_o='IN'><\/div><div class='eventon_filter' data-filter_field='event_type_5' data-filter_val='all' data-filter_type='tax' data-fl_o='IN'><\/div><div class='eventon_filter' data-filter_field='event_location' data-filter_val='all' data-filter_type='tax' data-fl_o='IN'><\/div><div class='eventon_filter' data-filter_field='event_organizer' data-filter_val='all' data-filter_type='tax' data-fl_o='IN'><\/div><\/div><div class='clear'><\/div><\/div><div id='eventon_loadbar_section'><div id='eventon_loadbar'><\/div><\/div><div id='evcal_list' class='eventon_events_list'><div id=\"event_25314\" class=\"eventon_list_event evo_eventtop past_event event\" data-event_id=\"25314\" data-time=\"1785148200-1785708900\" data-colr=\"#206177\" itemscope itemtype='http:\/\/schema.org\/Event'><div class=\"evo_event_schema\" style=\"display:none\" ><a itemprop='url'  href='https:\/\/www.losesculloscabodegata.com\/en\/events\/fiesta-tropical\/'><\/a><span itemprop='name'  >FIESTA TROPICAL<\/span><meta itemprop='image' content='https:\/\/www.losesculloscabodegata.com\/wp-content\/uploads\/2026\/07\/planning-semanal-fiesta-tropical.jpg' ><\/meta><meta itemprop='description' content='FIESTA TROPICAL' ><\/meta><meta itemprop='startDate' content='2026-7-27T10:30' ><\/meta><meta itemprop='endDate' content='2026-8-2T22:15' ><\/meta><meta itemprop='eventStatus' content='on-schedule' ><\/meta><script type=\"application\/ld+json\">{\t\"@context\": \"http:\/\/schema.org\",\r\n\t\t\t\t\t\t\t  \t\"@type\": \"Event\",\r\n\t\t\t\t\t\t\t  \t\"name\": \"FIESTA TROPICAL\",\r\n\t\t\t\t\t\t\t  \t\"startDate\": \"2026-7-27T10-10-30-00\",\r\n\t\t\t\t\t\t\t  \t\"endDate\": \"2026-8-2T22-22-15-00\",\r\n\t\t\t\t\t\t\t  \t\"image\":\"https:\/\/www.losesculloscabodegata.com\/wp-content\/uploads\/2026\/07\/planning-semanal-fiesta-tropical-300x225.jpg\",\r\n\t\t\t\t\t\t\t  \t\"description\":\"FIESTA TROPICAL\",\r\n\t\t\t\t\t\t\t  \t\r\n\t\t\t\t\t\t\t }<\/script><\/div>\r\n\t\t\t\t<p class=\"desc_trig_outter\"><a data-gmap_status=\"null\" data-exlk=\"0\" style=\"border-color: #206177;\" id=\"evc_178514820025314\" class=\"hasFtIMG desc_trig mul_val evcal_list_a\" data-ux_val=\"1\"  ><span class='ev_ftImg' data-img='https:\/\/www.losesculloscabodegata.com\/wp-content\/uploads\/2026\/07\/planning-semanal-fiesta-tropical.jpg' data-thumb='https:\/\/www.losesculloscabodegata.com\/wp-content\/uploads\/2026\/07\/planning-semanal-fiesta-tropical-300x225.jpg' style='background-image:url(\"https:\/\/www.losesculloscabodegata.com\/wp-content\/uploads\/2026\/07\/planning-semanal-fiesta-tropical-300x225.jpg\")'><\/span><span class='evcal_cblock ' data-bgcolor='#206177' data-smon='Julio' data-syr='2026'><span class='evo_start '><em class='date'>27<\/em><em class='month'>Jul<\/em><em class='time'><i t=\"y\">(Jul 27)<\/i>10:30 am<\/em><\/span><span class='evo_end '><em class='date'>02<\/em><em class='month'>Ago<\/em><em class='time'><i t=\"y\">(Ago 2)<\/i>10:15 pm<\/em><\/span><em class='clear'><\/em><\/span><span class='evcal_desc evo_info hide_eventtopdata '  data-location_status=\"false\" ><span class='evo_above_title'><\/span><span class='evcal_desc2 evcal_event_title' itemprop='name'>FIESTA TROPICAL<\/span><span class='evo_below_title'><\/span><span class='evcal_desc_info' ><\/span><span class='evcal_desc3'><\/span><\/span><em class='clear'><\/em><\/p><\/a><div class='event_description evcal_eventcard ' style=\"display:none\"><div class='evo_metarow_directimg'><img src='https:\/\/www.losesculloscabodegata.com\/wp-content\/uploads\/2026\/07\/planning-semanal-fiesta-tropical.jpg' \/><\/div><div class='evo_metarow_time evorow evcal_evdata_row bordb evcal_evrow_sm  lastrow'>\r\n\t\t\t\t\t\t\t<span class='evcal_evdata_icons'><i class='fa fa-clock-o'><\/i><\/span>\r\n\t\t\t\t\t\t\t<div class='evcal_evdata_cell'>\t\t\t\t\t\t\t\r\n\t\t\t\t\t\t\t\t<h3 class='evo_h3'><span class='evcal_evdata_icons'><i class='fa fa-clock-o'><\/i><\/span>Hora<\/h3><p>Julio 27 (Lunes) 10:30 am - Agosto 2 (Domingo) 10:15 pm<\/p>\r\n\t\t\t\t\t\t\t<\/div>\r\n\t\t\t\t\t\t<div class='evcal_evdata_row evcal_close' title='Close'><\/div><\/div><\/div><div class='clear end'><\/div><\/div><div id=\"event_25319\" class=\"eventon_list_event evo_eventtop past_event event\" data-event_id=\"25319\" data-time=\"1785580200-1785622500\" data-colr=\"#206177\" itemscope itemtype='http:\/\/schema.org\/Event'><div class=\"evo_event_schema\" style=\"display:none\" ><a itemprop='url'  href='https:\/\/www.losesculloscabodegata.com\/en\/events\/fiesta-tropical-sabado\/'><\/a><span itemprop='name'  >FIESTA TROPICAL - S\u00c1BADO<\/span><meta itemprop='image' content='https:\/\/www.losesculloscabodegata.com\/wp-content\/uploads\/2026\/07\/planning-sabado-fiesta-tropical.jpg' ><\/meta><meta itemprop='description' content='FIESTA TROPICAL - S\u00c1BADO' ><\/meta><meta itemprop='startDate' content='2026-8-1T10:30' ><\/meta><meta itemprop='endDate' content='2026-8-1T22:15' ><\/meta><meta itemprop='eventStatus' content='on-schedule' ><\/meta><script type=\"application\/ld+json\">{\t\"@context\": \"http:\/\/schema.org\",\r\n\t\t\t\t\t\t\t  \t\"@type\": \"Event\",\r\n\t\t\t\t\t\t\t  \t\"name\": \"FIESTA TROPICAL - S\u00c1BADO\",\r\n\t\t\t\t\t\t\t  \t\"startDate\": \"2026-8-1T10-10-30-00\",\r\n\t\t\t\t\t\t\t  \t\"endDate\": \"2026-8-1T22-22-15-00\",\r\n\t\t\t\t\t\t\t  \t\"image\":\"https:\/\/www.losesculloscabodegata.com\/wp-content\/uploads\/2026\/07\/planning-sabado-fiesta-tropical-300x225.jpg\",\r\n\t\t\t\t\t\t\t  \t\"description\":\"FIESTA TROPICAL - S\u00c1BADO\",\r\n\t\t\t\t\t\t\t  \t\r\n\t\t\t\t\t\t\t }<\/script><\/div>\r\n\t\t\t\t<p class=\"desc_trig_outter\"><a data-gmap_status=\"null\" data-exlk=\"0\" style=\"border-color: #206177;\" id=\"evc_178558020025319\" class=\"hasFtIMG desc_trig sin_val evcal_list_a\" data-ux_val=\"1\"  ><span class='ev_ftImg' data-img='https:\/\/www.losesculloscabodegata.com\/wp-content\/uploads\/2026\/07\/planning-sabado-fiesta-tropical.jpg' data-thumb='https:\/\/www.losesculloscabodegata.com\/wp-content\/uploads\/2026\/07\/planning-sabado-fiesta-tropical-300x225.jpg' style='background-image:url(\"https:\/\/www.losesculloscabodegata.com\/wp-content\/uploads\/2026\/07\/planning-sabado-fiesta-tropical-300x225.jpg\")'><\/span><span class='evcal_cblock ' data-bgcolor='#206177' data-smon='Agosto' data-syr='2026'><span class='evo_start '><em class='date'>01<\/em><em class='month'>Ago<\/em><em class='time'>10:30 am<\/em><\/span><span class='evo_end only_time'><em class='time'>10:15 pm<\/em><\/span><em class='clear'><\/em><\/span><span class='evcal_desc evo_info hide_eventtopdata '  data-location_status=\"false\" ><span class='evo_above_title'><\/span><span class='evcal_desc2 evcal_event_title' itemprop='name'>FIESTA TROPICAL - S\u00c1BADO<\/span><span class='evo_below_title'><\/span><span class='evcal_desc_info' ><\/span><span class='evcal_desc3'><\/span><\/span><em class='clear'><\/em><\/p><\/a><div class='event_description evcal_eventcard ' style=\"display:none\"><div class='evo_metarow_directimg'><img src='https:\/\/www.losesculloscabodegata.com\/wp-content\/uploads\/2026\/07\/planning-sabado-fiesta-tropical.jpg' \/><\/div><div class='evo_metarow_time evorow evcal_evdata_row bordb evcal_evrow_sm  lastrow'>\r\n\t\t\t\t\t\t\t<span class='evcal_evdata_icons'><i class='fa fa-clock-o'><\/i><\/span>\r\n\t\t\t\t\t\t\t<div class='evcal_evdata_cell'>\t\t\t\t\t\t\t\r\n\t\t\t\t\t\t\t\t<h3 class='evo_h3'><span class='evcal_evdata_icons'><i class='fa fa-clock-o'><\/i><\/span>Hora<\/h3><p>(S\u00e1bado) 10:30 am - 10:15 pm<\/p>\r\n\t\t\t\t\t\t\t<\/div>\r\n\t\t\t\t\t\t<div class='evcal_evdata_row evcal_close' title='Close'><\/div><\/div><\/div><div class='clear end'><\/div><\/div><div id=\"event_25351\" class=\"eventon_list_event evo_eventtop past_event event\" data-event_id=\"25351\" data-time=\"1785609000-1788041700\" data-colr=\"#206177\" itemscope itemtype='http:\/\/schema.org\/Event'><div class=\"evo_event_schema\" style=\"display:none\" ><a itemprop='url'  href='https:\/\/www.losesculloscabodegata.com\/en\/events\/mes-agosto-2026-pool-bar-al-fin-al-cabo\/'><\/a><span itemprop='name'  >MES DE AGOSTO 2026 POOL BAR \"AL FIN Y AL CABO\"<\/span><meta itemprop='image' content='https:\/\/www.losesculloscabodegata.com\/wp-content\/uploads\/2026\/07\/noches-en-el-cabo-agosto-2026-1.jpg' ><\/meta><meta itemprop='description' content='MES DE AGOSTO 2026 POOL BAR \"AL FIN Y AL CABO\"' ><\/meta><meta itemprop='startDate' content='2026-8-1T18:30' ><\/meta><meta itemprop='endDate' content='2026-8-29T22:15' ><\/meta><meta itemprop='eventStatus' content='on-schedule' ><\/meta><script type=\"application\/ld+json\">{\t\"@context\": \"http:\/\/schema.org\",\r\n\t\t\t\t\t\t\t  \t\"@type\": \"Event\",\r\n\t\t\t\t\t\t\t  \t\"name\": \"MES DE AGOSTO 2026 POOL BAR \"AL FIN Y AL CABO\"\",\r\n\t\t\t\t\t\t\t  \t\"startDate\": \"2026-8-1T18-18-30-00\",\r\n\t\t\t\t\t\t\t  \t\"endDate\": \"2026-8-29T22-22-15-00\",\r\n\t\t\t\t\t\t\t  \t\"image\":\"https:\/\/www.losesculloscabodegata.com\/wp-content\/uploads\/2026\/07\/noches-en-el-cabo-agosto-2026-1-212x300.jpg\",\r\n\t\t\t\t\t\t\t  \t\"description\":\"MES DE AGOSTO 2026 POOL BAR \"AL FIN Y AL CABO\"\",\r\n\t\t\t\t\t\t\t  \t\r\n\t\t\t\t\t\t\t }<\/script><\/div>\r\n\t\t\t\t<p class=\"desc_trig_outter\"><a data-gmap_status=\"null\" data-exlk=\"0\" style=\"border-color: #206177;\" id=\"evc_178560900025351\" class=\"hasFtIMG desc_trig mul_val evcal_list_a\" data-ux_val=\"1\"  ><span class='ev_ftImg' data-img='https:\/\/www.losesculloscabodegata.com\/wp-content\/uploads\/2026\/07\/noches-en-el-cabo-agosto-2026-1.jpg' data-thumb='https:\/\/www.losesculloscabodegata.com\/wp-content\/uploads\/2026\/07\/noches-en-el-cabo-agosto-2026-1-212x300.jpg' style='background-image:url(\"https:\/\/www.losesculloscabodegata.com\/wp-content\/uploads\/2026\/07\/noches-en-el-cabo-agosto-2026-1-212x300.jpg\")'><\/span><span class='evcal_cblock ' data-bgcolor='#206177' data-smon='Agosto' data-syr='2026'><span class='evo_start '><em class='date'>01<\/em><em class='month'>Ago<\/em><em class='time'>6:30 pm<\/em><\/span><span class='evo_end '><em class='date'>29<\/em><em class='time'><i>(Ago 29)<\/i>10:15 pm<\/em><\/span><em class='clear'><\/em><\/span><span class='evcal_desc evo_info hide_eventtopdata '  data-location_status=\"false\" ><span class='evo_above_title'><\/span><span class='evcal_desc2 evcal_event_title' itemprop='name'>MES DE AGOSTO 2026 POOL BAR \"AL FIN Y AL CABO\"<\/span><span class='evo_below_title'><\/span><span class='evcal_desc_info' ><\/span><span class='evcal_desc3'><\/span><\/span><em class='clear'><\/em><\/p><\/a><div class='event_description evcal_eventcard ' style=\"display:none\"><div class='evo_metarow_directimg'><img src='https:\/\/www.losesculloscabodegata.com\/wp-content\/uploads\/2026\/07\/noches-en-el-cabo-agosto-2026-1.jpg' \/><\/div><div class='evo_metarow_time evorow evcal_evdata_row bordb evcal_evrow_sm  lastrow'>\r\n\t\t\t\t\t\t\t<span class='evcal_evdata_icons'><i class='fa fa-clock-o'><\/i><\/span>\r\n\t\t\t\t\t\t\t<div class='evcal_evdata_cell'>\t\t\t\t\t\t\t\r\n\t\t\t\t\t\t\t\t<h3 class='evo_h3'><span class='evcal_evdata_icons'><i class='fa fa-clock-o'><\/i><\/span>Hora<\/h3><p>1 (S\u00e1bado) 6:30 pm - 29 (S\u00e1bado) 10:15 pm<\/p>\r\n\t\t\t\t\t\t\t<\/div>\r\n\t\t\t\t\t\t<div class='evcal_evdata_row evcal_close' title='Close'><\/div><\/div><\/div><div class='clear end'><\/div><\/div><div id=\"event_25400\" class=\"eventon_list_event evo_eventtop past_event event\" data-event_id=\"25400\" data-time=\"1785753000-1786318200\" data-colr=\"#206177\" itemscope itemtype='http:\/\/schema.org\/Event'><div class=\"evo_event_schema\" style=\"display:none\" ><a itemprop='url'  href='https:\/\/www.losesculloscabodegata.com\/en\/events\/planning-animacion-semana-del-campista\/'><\/a><span itemprop='name'  >Planning de animaci\u00f3n: Semana del Campista<\/span><meta itemprop='image' content='https:\/\/www.losesculloscabodegata.com\/wp-content\/uploads\/2026\/08\/Planning-3-9-agosto-2026-Semana-del-Campista-1-1.jpg' ><\/meta><meta itemprop='description' content='Planning de animaci\u00f3n: Semana del Campista' ><\/meta><meta itemprop='startDate' content='2026-8-3T10:30' ><\/meta><meta itemprop='endDate' content='2026-8-9T23:30' ><\/meta><meta itemprop='eventStatus' content='on-schedule' ><\/meta><script type=\"application\/ld+json\">{\t\"@context\": \"http:\/\/schema.org\",\r\n\t\t\t\t\t\t\t  \t\"@type\": \"Event\",\r\n\t\t\t\t\t\t\t  \t\"name\": \"Planning de animaci\u00f3n: Semana del Campista\",\r\n\t\t\t\t\t\t\t  \t\"startDate\": \"2026-8-3T10-10-30-00\",\r\n\t\t\t\t\t\t\t  \t\"endDate\": \"2026-8-9T23-23-30-00\",\r\n\t\t\t\t\t\t\t  \t\"image\":\"https:\/\/www.losesculloscabodegata.com\/wp-content\/uploads\/2026\/08\/Planning-3-9-agosto-2026-Semana-del-Campista-1-1-300x225.jpg\",\r\n\t\t\t\t\t\t\t  \t\"description\":\"Planning de animaci\u00f3n: Semana del Campista\",\r\n\t\t\t\t\t\t\t  \t\r\n\t\t\t\t\t\t\t }<\/script><\/div>\r\n\t\t\t\t<p class=\"desc_trig_outter\"><a data-gmap_status=\"null\" data-exlk=\"0\" style=\"border-color: #206177;\" id=\"evc_178575300025400\" class=\"hasFtIMG desc_trig mul_val evcal_list_a\" data-ux_val=\"1\"  ><span class='ev_ftImg' data-img='https:\/\/www.losesculloscabodegata.com\/wp-content\/uploads\/2026\/08\/Planning-3-9-agosto-2026-Semana-del-Campista-1-1.jpg' data-thumb='https:\/\/www.losesculloscabodegata.com\/wp-content\/uploads\/2026\/08\/Planning-3-9-agosto-2026-Semana-del-Campista-1-1-300x225.jpg' style='background-image:url(\"https:\/\/www.losesculloscabodegata.com\/wp-content\/uploads\/2026\/08\/Planning-3-9-agosto-2026-Semana-del-Campista-1-1-300x225.jpg\")'><\/span><span class='evcal_cblock ' data-bgcolor='#206177' data-smon='Agosto' data-syr='2026'><span class='evo_start '><em class='date'>03<\/em><em class='month'>Ago<\/em><em class='time'><i t=\"y\">(Ago 3)<\/i>10:30 am<\/em><\/span><span class='evo_end '><em class='date'>09<\/em><em class='time'><i t=\"y\">(Ago 9)<\/i>11:30 pm<\/em><\/span><em class='clear'><\/em><\/span><span class='evcal_desc evo_info hide_eventtopdata '  data-location_status=\"false\" ><span class='evo_above_title'><\/span><span class='evcal_desc2 evcal_event_title' itemprop='name'>Planning de animaci\u00f3n: Semana del Campista<\/span><span class='evo_below_title'><\/span><span class='evcal_desc_info' ><\/span><span class='evcal_desc3'><\/span><\/span><em class='clear'><\/em><\/p><\/a><div class='event_description evcal_eventcard ' style=\"display:none\"><div class='evo_metarow_directimg'><img src='https:\/\/www.losesculloscabodegata.com\/wp-content\/uploads\/2026\/08\/Planning-3-9-agosto-2026-Semana-del-Campista-1-1.jpg' alt=\"planning de animaci\u00f3n semana del campista del 3 al 9 de agosto 2026\"\/><\/div><div class='evo_metarow_time evorow evcal_evdata_row bordb evcal_evrow_sm  lastrow'>\r\n\t\t\t\t\t\t\t<span class='evcal_evdata_icons'><i class='fa fa-clock-o'><\/i><\/span>\r\n\t\t\t\t\t\t\t<div class='evcal_evdata_cell'>\t\t\t\t\t\t\t\r\n\t\t\t\t\t\t\t\t<h3 class='evo_h3'><span class='evcal_evdata_icons'><i class='fa fa-clock-o'><\/i><\/span>Hora<\/h3><p>3 (Lunes) 10:30 am - 9 (Domingo) 11:30 pm<\/p>\r\n\t\t\t\t\t\t\t<\/div>\r\n\t\t\t\t\t\t<div class='evcal_evdata_row evcal_close' title='Close'><\/div><\/div><\/div><div class='clear end'><\/div><\/div><div id=\"event_25413\" class=\"eventon_list_event evo_eventtop past_event event\" data-event_id=\"25413\" data-time=\"1786185000-1786230000\" data-colr=\"#206177\" itemscope itemtype='http:\/\/schema.org\/Event'><div class=\"evo_event_schema\" style=\"display:none\" ><a itemprop='url'  href='https:\/\/www.losesculloscabodegata.com\/en\/events\/sabado-especial-dia-del-campista\/'><\/a><span itemprop='name'  >S\u00e1bado especial: D\u00eda del Campista<\/span><meta itemprop='image' content='https:\/\/www.losesculloscabodegata.com\/wp-content\/uploads\/2026\/08\/Planning-3-9-agosto-2026-Semana-del-Campista-2.jpg' ><\/meta><meta itemprop='description' content='S\u00e1bado especial: D\u00eda del Campista' ><\/meta><meta itemprop='startDate' content='2026-8-8T10:30' ><\/meta><meta itemprop='endDate' content='2026-8-8T23:00' ><\/meta><meta itemprop='eventStatus' content='on-schedule' ><\/meta><script type=\"application\/ld+json\">{\t\"@context\": \"http:\/\/schema.org\",\r\n\t\t\t\t\t\t\t  \t\"@type\": \"Event\",\r\n\t\t\t\t\t\t\t  \t\"name\": \"S\u00e1bado especial: D\u00eda del Campista\",\r\n\t\t\t\t\t\t\t  \t\"startDate\": \"2026-8-8T10-10-30-00\",\r\n\t\t\t\t\t\t\t  \t\"endDate\": \"2026-8-8T23-23-00-00\",\r\n\t\t\t\t\t\t\t  \t\"image\":\"https:\/\/www.losesculloscabodegata.com\/wp-content\/uploads\/2026\/08\/Planning-3-9-agosto-2026-Semana-del-Campista-2-300x225.jpg\",\r\n\t\t\t\t\t\t\t  \t\"description\":\"S\u00e1bado especial: D\u00eda del Campista\",\r\n\t\t\t\t\t\t\t  \t\r\n\t\t\t\t\t\t\t }<\/script><\/div>\r\n\t\t\t\t<p class=\"desc_trig_outter\"><a data-gmap_status=\"null\" data-exlk=\"0\" style=\"border-color: #206177;\" id=\"evc_178618500025413\" class=\"hasFtIMG desc_trig sin_val evcal_list_a\" data-ux_val=\"1\"  ><span class='ev_ftImg' data-img='https:\/\/www.losesculloscabodegata.com\/wp-content\/uploads\/2026\/08\/Planning-3-9-agosto-2026-Semana-del-Campista-2.jpg' data-thumb='https:\/\/www.losesculloscabodegata.com\/wp-content\/uploads\/2026\/08\/Planning-3-9-agosto-2026-Semana-del-Campista-2-300x225.jpg' style='background-image:url(\"https:\/\/www.losesculloscabodegata.com\/wp-content\/uploads\/2026\/08\/Planning-3-9-agosto-2026-Semana-del-Campista-2-300x225.jpg\")'><\/span><span class='evcal_cblock ' data-bgcolor='#206177' data-smon='Agosto' data-syr='2026'><span class='evo_start '><em class='date'>08<\/em><em class='month'>Ago<\/em><em class='time'>10:30 am<\/em><\/span><span class='evo_end only_time'><em class='time'>11:00 pm<\/em><\/span><em class='clear'><\/em><\/span><span class='evcal_desc evo_info hide_eventtopdata '  data-location_status=\"false\" ><span class='evo_above_title'><\/span><span class='evcal_desc2 evcal_event_title' itemprop='name'>S\u00e1bado especial: D\u00eda del Campista<\/span><span class='evo_below_title'><\/span><span class='evcal_desc_info' ><\/span><span class='evcal_desc3'><\/span><\/span><em class='clear'><\/em><\/p><\/a><div class='event_description evcal_eventcard ' style=\"display:none\"><div class='evo_metarow_directimg'><img src='https:\/\/www.losesculloscabodegata.com\/wp-content\/uploads\/2026\/08\/Planning-3-9-agosto-2026-Semana-del-Campista-2.jpg' alt=\"planning de animaci\u00f3n fin de semana tem\u00e1tico d\u00eda del campista s\u00e1bado 8 de agosto 2026\"\/><\/div><div class='evo_metarow_time evorow evcal_evdata_row bordb evcal_evrow_sm  lastrow'>\r\n\t\t\t\t\t\t\t<span class='evcal_evdata_icons'><i class='fa fa-clock-o'><\/i><\/span>\r\n\t\t\t\t\t\t\t<div class='evcal_evdata_cell'>\t\t\t\t\t\t\t\r\n\t\t\t\t\t\t\t\t<h3 class='evo_h3'><span class='evcal_evdata_icons'><i class='fa fa-clock-o'><\/i><\/span>Hora<\/h3><p>(S\u00e1bado) 10:30 am - 11:00 pm<\/p>\r\n\t\t\t\t\t\t\t<\/div>\r\n\t\t\t\t\t\t<div class='evcal_evdata_row evcal_close' title='Close'><\/div><\/div><\/div><div class='clear end'><\/div><\/div><div id=\"event_25489\" class=\"eventon_list_event evo_eventtop past_event event\" data-event_id=\"25489\" data-time=\"1786357800-1786879800\" data-colr=\"#206177\" itemscope itemtype='http:\/\/schema.org\/Event'><div class=\"evo_event_schema\" style=\"display:none\" ><a itemprop='url'  href='https:\/\/www.losesculloscabodegata.com\/en\/events\/planning-animacion-flower-power\/'><\/a><span itemprop='name'  >Planning de animaci\u00f3n: Flower Power<\/span><meta itemprop='image' content='https:\/\/www.losesculloscabodegata.com\/wp-content\/uploads\/2026\/08\/planning-animacion-10-al-16-agosto-flower-power_Pagina_1.png' ><\/meta><meta itemprop='description' content='Planning de animaci\u00f3n: Flower Power' ><\/meta><meta itemprop='startDate' content='2026-8-10T10:30' ><\/meta><meta itemprop='endDate' content='2026-8-16T11:30' ><\/meta><meta itemprop='eventStatus' content='on-schedule' ><\/meta><script type=\"application\/ld+json\">{\t\"@context\": \"http:\/\/schema.org\",\r\n\t\t\t\t\t\t\t  \t\"@type\": \"Event\",\r\n\t\t\t\t\t\t\t  \t\"name\": \"Planning de animaci\u00f3n: Flower Power\",\r\n\t\t\t\t\t\t\t  \t\"startDate\": \"2026-8-10T10-10-30-00\",\r\n\t\t\t\t\t\t\t  \t\"endDate\": \"2026-8-16T11-11-30-00\",\r\n\t\t\t\t\t\t\t  \t\"image\":\"https:\/\/www.losesculloscabodegata.com\/wp-content\/uploads\/2026\/08\/planning-animacion-10-al-16-agosto-flower-power_Pagina_1-300x300.png\",\r\n\t\t\t\t\t\t\t  \t\"description\":\"Planning de animaci\u00f3n: Flower Power\",\r\n\t\t\t\t\t\t\t  \t\r\n\t\t\t\t\t\t\t }<\/script><\/div>\r\n\t\t\t\t<p class=\"desc_trig_outter\"><a data-gmap_status=\"null\" data-exlk=\"0\" style=\"border-color: #206177;\" id=\"evc_178635780025489\" class=\"hasFtIMG desc_trig mul_val evcal_list_a\" data-ux_val=\"1\"  ><span class='ev_ftImg' data-img='https:\/\/www.losesculloscabodegata.com\/wp-content\/uploads\/2026\/08\/planning-animacion-10-al-16-agosto-flower-power_Pagina_1.png' data-thumb='https:\/\/www.losesculloscabodegata.com\/wp-content\/uploads\/2026\/08\/planning-animacion-10-al-16-agosto-flower-power_Pagina_1-300x300.png' style='background-image:url(\"https:\/\/www.losesculloscabodegata.com\/wp-content\/uploads\/2026\/08\/planning-animacion-10-al-16-agosto-flower-power_Pagina_1-300x300.png\")'><\/span><span class='evcal_cblock ' data-bgcolor='#206177' data-smon='Agosto' data-syr='2026'><span class='evo_start '><em class='date'>10<\/em><em class='month'>Ago<\/em><em class='time'><i t=\"y\">(Ago 10)<\/i>10:30 am<\/em><\/span><span class='evo_end '><em class='date'>16<\/em><em class='time'><i t=\"y\">(Ago 16)<\/i>11:30 am<\/em><\/span><em class='clear'><\/em><\/span><span class='evcal_desc evo_info hide_eventtopdata '  data-location_status=\"false\" ><span class='evo_above_title'><\/span><span class='evcal_desc2 evcal_event_title' itemprop='name'>Planning de animaci\u00f3n: Flower Power<\/span><span class='evo_below_title'><\/span><span class='evcal_desc_info' ><\/span><span class='evcal_desc3'><\/span><\/span><em class='clear'><\/em><\/p><\/a><div class='event_description evcal_eventcard ' style=\"display:none\"><div class='evo_metarow_directimg'><img src='https:\/\/www.losesculloscabodegata.com\/wp-content\/uploads\/2026\/08\/planning-animacion-10-al-16-agosto-flower-power_Pagina_1.png' alt=\"planning animaci\u00f3n infantil en Camping Los Escullos Almer\u00eda Andaluc\u00eda\"\/><\/div><div class='evo_metarow_time evorow evcal_evdata_row bordb evcal_evrow_sm  lastrow'>\r\n\t\t\t\t\t\t\t<span class='evcal_evdata_icons'><i class='fa fa-clock-o'><\/i><\/span>\r\n\t\t\t\t\t\t\t<div class='evcal_evdata_cell'>\t\t\t\t\t\t\t\r\n\t\t\t\t\t\t\t\t<h3 class='evo_h3'><span class='evcal_evdata_icons'><i class='fa fa-clock-o'><\/i><\/span>Hora<\/h3><p>10 (Lunes) 10:30 am - 16 (Domingo) 11:30 am<\/p>\r\n\t\t\t\t\t\t\t<\/div>\r\n\t\t\t\t\t\t<div class='evcal_evdata_row evcal_close' title='Close'><\/div><\/div><\/div><div class='clear end'><\/div><\/div><div id=\"event_25498\" class=\"eventon_list_event evo_eventtop past_event event\" data-event_id=\"25498\" data-time=\"1786789800-1786791600\" data-colr=\"#206177\" itemscope itemtype='http:\/\/schema.org\/Event'><div class=\"evo_event_schema\" style=\"display:none\" ><a itemprop='url'  href='https:\/\/www.losesculloscabodegata.com\/en\/events\/sabado-especial-flower-power\/'><\/a><span itemprop='name'  >S\u00e1bado Especial: Flower Power<\/span><meta itemprop='image' content='https:\/\/www.losesculloscabodegata.com\/wp-content\/uploads\/2026\/08\/planning-animacion-10-al-16-agosto-flower-power_Pagina_2.png' ><\/meta><meta itemprop='description' content='S\u00e1bado Especial: Flower Power' ><\/meta><meta itemprop='startDate' content='2026-8-15T10:30' ><\/meta><meta itemprop='endDate' content='2026-8-15T11:00' ><\/meta><meta itemprop='eventStatus' content='on-schedule' ><\/meta><script type=\"application\/ld+json\">{\t\"@context\": \"http:\/\/schema.org\",\r\n\t\t\t\t\t\t\t  \t\"@type\": \"Event\",\r\n\t\t\t\t\t\t\t  \t\"name\": \"S\u00e1bado Especial: Flower Power\",\r\n\t\t\t\t\t\t\t  \t\"startDate\": \"2026-8-15T10-10-30-00\",\r\n\t\t\t\t\t\t\t  \t\"endDate\": \"2026-8-15T11-11-00-00\",\r\n\t\t\t\t\t\t\t  \t\"image\":\"https:\/\/www.losesculloscabodegata.com\/wp-content\/uploads\/2026\/08\/planning-animacion-10-al-16-agosto-flower-power_Pagina_2-300x300.png\",\r\n\t\t\t\t\t\t\t  \t\"description\":\"S\u00e1bado Especial: Flower Power\",\r\n\t\t\t\t\t\t\t  \t\r\n\t\t\t\t\t\t\t }<\/script><\/div>\r\n\t\t\t\t<p class=\"desc_trig_outter\"><a data-gmap_status=\"null\" data-exlk=\"0\" style=\"border-color: #206177;\" id=\"evc_178678980025498\" class=\"hasFtIMG desc_trig sin_val evcal_list_a\" data-ux_val=\"1\"  ><span class='ev_ftImg' data-img='https:\/\/www.losesculloscabodegata.com\/wp-content\/uploads\/2026\/08\/planning-animacion-10-al-16-agosto-flower-power_Pagina_2.png' data-thumb='https:\/\/www.losesculloscabodegata.com\/wp-content\/uploads\/2026\/08\/planning-animacion-10-al-16-agosto-flower-power_Pagina_2-300x300.png' style='background-image:url(\"https:\/\/www.losesculloscabodegata.com\/wp-content\/uploads\/2026\/08\/planning-animacion-10-al-16-agosto-flower-power_Pagina_2-300x300.png\")'><\/span><span class='evcal_cblock ' data-bgcolor='#206177' data-smon='Agosto' data-syr='2026'><span class='evo_start '><em class='date'>15<\/em><em class='month'>Ago<\/em><em class='time'>10:30 am<\/em><\/span><span class='evo_end only_time'><em class='time'>11:00 am<\/em><\/span><em class='clear'><\/em><\/span><span class='evcal_desc evo_info hide_eventtopdata '  data-location_status=\"false\" ><span class='evo_above_title'><\/span><span class='evcal_desc2 evcal_event_title' itemprop='name'>S\u00e1bado Especial: Flower Power<\/span><span class='evo_below_title'><\/span><span class='evcal_desc_info' ><\/span><span class='evcal_desc3'><\/span><\/span><em class='clear'><\/em><\/p><\/a><div class='event_description evcal_eventcard ' style=\"display:none\"><div class='evo_metarow_directimg'><img src='https:\/\/www.losesculloscabodegata.com\/wp-content\/uploads\/2026\/08\/planning-animacion-10-al-16-agosto-flower-power_Pagina_2.png' alt=\"Fiesta tem\u00e1tica en Camping Los Escullos Almer\u00eda Andaluc\u00eda\"\/><\/div><div class='evo_metarow_time evorow evcal_evdata_row bordb evcal_evrow_sm  lastrow'>\r\n\t\t\t\t\t\t\t<span class='evcal_evdata_icons'><i class='fa fa-clock-o'><\/i><\/span>\r\n\t\t\t\t\t\t\t<div class='evcal_evdata_cell'>\t\t\t\t\t\t\t\r\n\t\t\t\t\t\t\t\t<h3 class='evo_h3'><span class='evcal_evdata_icons'><i class='fa fa-clock-o'><\/i><\/span>Hora<\/h3><p>(S\u00e1bado) 10:30 am - 11:00 am<\/p>\r\n\t\t\t\t\t\t\t<\/div>\r\n\t\t\t\t\t\t<div class='evcal_evdata_row evcal_close' title='Close'><\/div><\/div><\/div><div class='clear end'><\/div><\/div><div id=\"event_25560\" class=\"eventon_list_event evo_eventtop past_event event\" data-event_id=\"25560\" data-time=\"1786962600-1787527800\" data-colr=\"#206177\" itemscope itemtype='http:\/\/schema.org\/Event'><div class=\"evo_event_schema\" style=\"display:none\" ><a itemprop='url'  href='https:\/\/www.losesculloscabodegata.com\/en\/events\/planning-animacion-mundo-latino\/'><\/a><span itemprop='name'  >PLANNING DE ANIMACI\u00d3N: MUNDO LATINO<\/span><meta itemprop='image' content='https:\/\/www.losesculloscabodegata.com\/wp-content\/uploads\/2026\/08\/planning-animacion-mundo-latino-17-23-agosto.jpg' ><\/meta><meta itemprop='description' content='PLANNING DE ANIMACI\u00d3N: MUNDO LATINO' ><\/meta><meta itemprop='startDate' content='2026-8-17T10:30' ><\/meta><meta itemprop='endDate' content='2026-8-23T23:30' ><\/meta><meta itemprop='eventStatus' content='on-schedule' ><\/meta><script type=\"application\/ld+json\">{\t\"@context\": \"http:\/\/schema.org\",\r\n\t\t\t\t\t\t\t  \t\"@type\": \"Event\",\r\n\t\t\t\t\t\t\t  \t\"name\": \"PLANNING DE ANIMACI\u00d3N: MUNDO LATINO\",\r\n\t\t\t\t\t\t\t  \t\"startDate\": \"2026-8-17T10-10-30-00\",\r\n\t\t\t\t\t\t\t  \t\"endDate\": \"2026-8-23T23-23-30-00\",\r\n\t\t\t\t\t\t\t  \t\"image\":\"https:\/\/www.losesculloscabodegata.com\/wp-content\/uploads\/2026\/08\/planning-animacion-mundo-latino-17-23-agosto-300x225.jpg\",\r\n\t\t\t\t\t\t\t  \t\"description\":\"PLANNING DE ANIMACI\u00d3N: MUNDO LATINO\",\r\n\t\t\t\t\t\t\t  \t\r\n\t\t\t\t\t\t\t }<\/script><\/div>\r\n\t\t\t\t<p class=\"desc_trig_outter\"><a data-gmap_status=\"null\" data-exlk=\"0\" style=\"border-color: #206177;\" id=\"evc_178696260025560\" class=\"hasFtIMG desc_trig mul_val evcal_list_a\" data-ux_val=\"1\"  ><span class='ev_ftImg' data-img='https:\/\/www.losesculloscabodegata.com\/wp-content\/uploads\/2026\/08\/planning-animacion-mundo-latino-17-23-agosto.jpg' data-thumb='https:\/\/www.losesculloscabodegata.com\/wp-content\/uploads\/2026\/08\/planning-animacion-mundo-latino-17-23-agosto-300x225.jpg' style='background-image:url(\"https:\/\/www.losesculloscabodegata.com\/wp-content\/uploads\/2026\/08\/planning-animacion-mundo-latino-17-23-agosto-300x225.jpg\")'><\/span><span class='evcal_cblock ' data-bgcolor='#206177' data-smon='Agosto' data-syr='2026'><span class='evo_start '><em class='date'>17<\/em><em class='month'>Ago<\/em><em class='time'><i t=\"y\">(Ago 17)<\/i>10:30 am<\/em><\/span><span class='evo_end '><em class='date'>23<\/em><em class='time'><i t=\"y\">(Ago 23)<\/i>11:30 pm<\/em><\/span><em class='clear'><\/em><\/span><span class='evcal_desc evo_info hide_eventtopdata '  data-location_status=\"false\" ><span class='evo_above_title'><\/span><span class='evcal_desc2 evcal_event_title' itemprop='name'>PLANNING DE ANIMACI\u00d3N: MUNDO LATINO<\/span><span class='evo_below_title'><\/span><span class='evcal_desc_info' ><\/span><span class='evcal_desc3'><\/span><\/span><em class='clear'><\/em><\/p><\/a><div class='event_description evcal_eventcard ' style=\"display:none\"><div class='evo_metarow_directimg'><img src='https:\/\/www.losesculloscabodegata.com\/wp-content\/uploads\/2026\/08\/planning-animacion-mundo-latino-17-23-agosto.jpg' alt=\"planning animaci\u00f3n camping mundo latino\"\/><\/div><div class='evo_metarow_time evorow evcal_evdata_row bordb evcal_evrow_sm  lastrow'>\r\n\t\t\t\t\t\t\t<span class='evcal_evdata_icons'><i class='fa fa-clock-o'><\/i><\/span>\r\n\t\t\t\t\t\t\t<div class='evcal_evdata_cell'>\t\t\t\t\t\t\t\r\n\t\t\t\t\t\t\t\t<h3 class='evo_h3'><span class='evcal_evdata_icons'><i class='fa fa-clock-o'><\/i><\/span>Hora<\/h3><p>17 (Lunes) 10:30 am - 23 (Domingo) 11:30 pm<\/p>\r\n\t\t\t\t\t\t\t<\/div>\r\n\t\t\t\t\t\t<div class='evcal_evdata_row evcal_close' title='Close'><\/div><\/div><\/div><div class='clear end'><\/div><\/div><div id=\"event_25573\" class=\"eventon_list_event evo_eventtop past_event event\" data-event_id=\"25573\" data-time=\"1787394600-1787439600\" data-colr=\"#206177\" itemscope itemtype='http:\/\/schema.org\/Event'><div class=\"evo_event_schema\" style=\"display:none\" ><a itemprop='url'  href='https:\/\/www.losesculloscabodegata.com\/en\/events\/sabado-especial-mundo-latino\/'><\/a><span itemprop='name'  >S\u00c1BADO ESPECIAL: MUNDO LATINO<\/span><meta itemprop='image' content='https:\/\/www.losesculloscabodegata.com\/wp-content\/uploads\/2026\/08\/planning-animacion-mundo-latino-22-agosto.jpg' ><\/meta><meta itemprop='description' content='S\u00c1BADO ESPECIAL: MUNDO LATINO' ><\/meta><meta itemprop='startDate' content='2026-8-22T10:30' ><\/meta><meta itemprop='endDate' content='2026-8-22T23:00' ><\/meta><meta itemprop='eventStatus' content='on-schedule' ><\/meta><script type=\"application\/ld+json\">{\t\"@context\": \"http:\/\/schema.org\",\r\n\t\t\t\t\t\t\t  \t\"@type\": \"Event\",\r\n\t\t\t\t\t\t\t  \t\"name\": \"S\u00c1BADO ESPECIAL: MUNDO LATINO\",\r\n\t\t\t\t\t\t\t  \t\"startDate\": \"2026-8-22T10-10-30-00\",\r\n\t\t\t\t\t\t\t  \t\"endDate\": \"2026-8-22T23-23-00-00\",\r\n\t\t\t\t\t\t\t  \t\"image\":\"https:\/\/www.losesculloscabodegata.com\/wp-content\/uploads\/2026\/08\/planning-animacion-mundo-latino-22-agosto-300x225.jpg\",\r\n\t\t\t\t\t\t\t  \t\"description\":\"S\u00c1BADO ESPECIAL: MUNDO LATINO\",\r\n\t\t\t\t\t\t\t  \t\r\n\t\t\t\t\t\t\t }<\/script><\/div>\r\n\t\t\t\t<p class=\"desc_trig_outter\"><a data-gmap_status=\"null\" data-exlk=\"0\" style=\"border-color: #206177;\" id=\"evc_178739460025573\" class=\"hasFtIMG desc_trig sin_val evcal_list_a\" data-ux_val=\"1\"  ><span class='ev_ftImg' data-img='https:\/\/www.losesculloscabodegata.com\/wp-content\/uploads\/2026\/08\/planning-animacion-mundo-latino-22-agosto.jpg' data-thumb='https:\/\/www.losesculloscabodegata.com\/wp-content\/uploads\/2026\/08\/planning-animacion-mundo-latino-22-agosto-300x225.jpg' style='background-image:url(\"https:\/\/www.losesculloscabodegata.com\/wp-content\/uploads\/2026\/08\/planning-animacion-mundo-latino-22-agosto-300x225.jpg\")'><\/span><span class='evcal_cblock ' data-bgcolor='#206177' data-smon='Agosto' data-syr='2026'><span class='evo_start '><em class='date'>22<\/em><em class='month'>Ago<\/em><em class='time'>10:30 am<\/em><\/span><span class='evo_end only_time'><em class='time'>11:00 pm<\/em><\/span><em class='clear'><\/em><\/span><span class='evcal_desc evo_info hide_eventtopdata '  data-location_status=\"false\" ><span class='evo_above_title'><\/span><span class='evcal_desc2 evcal_event_title' itemprop='name'>S\u00c1BADO ESPECIAL: MUNDO LATINO<\/span><span class='evo_below_title'><\/span><span class='evcal_desc_info' ><\/span><span class='evcal_desc3'><\/span><\/span><em class='clear'><\/em><\/p><\/a><div class='event_description evcal_eventcard ' style=\"display:none\"><div class='evo_metarow_directimg'><img src='https:\/\/www.losesculloscabodegata.com\/wp-content\/uploads\/2026\/08\/planning-animacion-mundo-latino-22-agosto.jpg' alt=\"planning animaci\u00f3n camping s\u00e1bado especial fiesta tem\u00e1tica mundo latino\"\/><\/div><div class='evo_metarow_time evorow evcal_evdata_row bordb evcal_evrow_sm  lastrow'>\r\n\t\t\t\t\t\t\t<span class='evcal_evdata_icons'><i class='fa fa-clock-o'><\/i><\/span>\r\n\t\t\t\t\t\t\t<div class='evcal_evdata_cell'>\t\t\t\t\t\t\t\r\n\t\t\t\t\t\t\t\t<h3 class='evo_h3'><span class='evcal_evdata_icons'><i class='fa fa-clock-o'><\/i><\/span>Hora<\/h3><p>(S\u00e1bado) 10:30 am - 11:00 pm<\/p>\r\n\t\t\t\t\t\t\t<\/div>\r\n\t\t\t\t\t\t<div class='evcal_evdata_row evcal_close' title='Close'><\/div><\/div><\/div><div class='clear end'><\/div><\/div><div id=\"event_25586\" class=\"eventon_list_event evo_eventtop past_event event\" data-event_id=\"25586\" data-time=\"1787567400-1788128100\" data-colr=\"#206177\" itemscope itemtype='http:\/\/schema.org\/Event'><div class=\"evo_event_schema\" style=\"display:none\" ><a itemprop='url'  href='https:\/\/www.losesculloscabodegata.com\/en\/events\/feria-los-escullos\/'><\/a><span itemprop='name'  >FERIA DE LOS ESCULLOS<\/span><meta itemprop='image' content='https:\/\/www.losesculloscabodegata.com\/wp-content\/uploads\/2026\/08\/Planning-Feria-de-los-escullos-24-al-30-agosto.jpg' ><\/meta><meta itemprop='description' content='FERIA DE LOS ESCULLOS' ><\/meta><meta itemprop='startDate' content='2026-8-24T10:30' ><\/meta><meta itemprop='endDate' content='2026-8-30T22:15' ><\/meta><meta itemprop='eventStatus' content='on-schedule' ><\/meta><script type=\"application\/ld+json\">{\t\"@context\": \"http:\/\/schema.org\",\r\n\t\t\t\t\t\t\t  \t\"@type\": \"Event\",\r\n\t\t\t\t\t\t\t  \t\"name\": \"FERIA DE LOS ESCULLOS\",\r\n\t\t\t\t\t\t\t  \t\"startDate\": \"2026-8-24T10-10-30-00\",\r\n\t\t\t\t\t\t\t  \t\"endDate\": \"2026-8-30T22-22-15-00\",\r\n\t\t\t\t\t\t\t  \t\"image\":\"https:\/\/www.losesculloscabodegata.com\/wp-content\/uploads\/2026\/08\/Planning-Feria-de-los-escullos-24-al-30-agosto-300x225.jpg\",\r\n\t\t\t\t\t\t\t  \t\"description\":\"FERIA DE LOS ESCULLOS\",\r\n\t\t\t\t\t\t\t  \t\r\n\t\t\t\t\t\t\t }<\/script><\/div>\r\n\t\t\t\t<p class=\"desc_trig_outter\"><a data-gmap_status=\"null\" data-exlk=\"0\" style=\"border-color: #206177;\" id=\"evc_178756740025586\" class=\"hasFtIMG desc_trig mul_val evcal_list_a\" data-ux_val=\"1\"  ><span class='ev_ftImg' data-img='https:\/\/www.losesculloscabodegata.com\/wp-content\/uploads\/2026\/08\/Planning-Feria-de-los-escullos-24-al-30-agosto.jpg' data-thumb='https:\/\/www.losesculloscabodegata.com\/wp-content\/uploads\/2026\/08\/Planning-Feria-de-los-escullos-24-al-30-agosto-300x225.jpg' style='background-image:url(\"https:\/\/www.losesculloscabodegata.com\/wp-content\/uploads\/2026\/08\/Planning-Feria-de-los-escullos-24-al-30-agosto-300x225.jpg\")'><\/span><span class='evcal_cblock ' data-bgcolor='#206177' data-smon='Agosto' data-syr='2026'><span class='evo_start '><em class='date'>24<\/em><em class='month'>Ago<\/em><em class='time'><i t=\"y\">(Ago 24)<\/i>10:30 am<\/em><\/span><span class='evo_end '><em class='date'>30<\/em><em class='time'><i t=\"y\">(Ago 30)<\/i>10:15 pm<\/em><\/span><em class='clear'><\/em><\/span><span class='evcal_desc evo_info hide_eventtopdata '  data-location_status=\"false\" ><span class='evo_above_title'><\/span><span class='evcal_desc2 evcal_event_title' itemprop='name'>FERIA DE LOS ESCULLOS<\/span><span class='evo_below_title'><\/span><span class='evcal_desc_info' ><\/span><span class='evcal_desc3'><\/span><\/span><em class='clear'><\/em><\/p><\/a><div class='event_description evcal_eventcard ' style=\"display:none\"><div class='evo_metarow_directimg'><img src='https:\/\/www.losesculloscabodegata.com\/wp-content\/uploads\/2026\/08\/Planning-Feria-de-los-escullos-24-al-30-agosto.jpg' \/><\/div><div class='evo_metarow_time evorow evcal_evdata_row bordb evcal_evrow_sm  lastrow'>\r\n\t\t\t\t\t\t\t<span class='evcal_evdata_icons'><i class='fa fa-clock-o'><\/i><\/span>\r\n\t\t\t\t\t\t\t<div class='evcal_evdata_cell'>\t\t\t\t\t\t\t\r\n\t\t\t\t\t\t\t\t<h3 class='evo_h3'><span class='evcal_evdata_icons'><i class='fa fa-clock-o'><\/i><\/span>Hora<\/h3><p>24 (Lunes) 10:30 am - 30 (Domingo) 10:15 pm<\/p>\r\n\t\t\t\t\t\t\t<\/div>\r\n\t\t\t\t\t\t<div class='evcal_evdata_row evcal_close' title='Close'><\/div><\/div><\/div><div class='clear end'><\/div><\/div><div id=\"event_25592\" class=\"eventon_list_event evo_eventtop past_event event\" data-event_id=\"25592\" data-time=\"1787999400-1788041700\" data-colr=\"#206177\" itemscope itemtype='http:\/\/schema.org\/Event'><div class=\"evo_event_schema\" style=\"display:none\" ><a itemprop='url'  href='https:\/\/www.losesculloscabodegata.com\/en\/events\/feria-los-escullos-sabado-29\/'><\/a><span itemprop='name'  >FERIA DE LOS ESCULLOS - S\u00c1BADO 29<\/span><meta itemprop='image' content='https:\/\/www.losesculloscabodegata.com\/wp-content\/uploads\/2026\/08\/Planning-Feria-de-los-escullos-sabado-29-agosto.jpg' ><\/meta><meta itemprop='description' content='FERIA DE LOS ESCULLOS - S\u00c1BADO 29' ><\/meta><meta itemprop='startDate' content='2026-8-29T10:30' ><\/meta><meta itemprop='endDate' content='2026-8-29T22:15' ><\/meta><meta itemprop='eventStatus' content='on-schedule' ><\/meta><script type=\"application\/ld+json\">{\t\"@context\": \"http:\/\/schema.org\",\r\n\t\t\t\t\t\t\t  \t\"@type\": \"Event\",\r\n\t\t\t\t\t\t\t  \t\"name\": \"FERIA DE LOS ESCULLOS - S\u00c1BADO 29\",\r\n\t\t\t\t\t\t\t  \t\"startDate\": \"2026-8-29T10-10-30-00\",\r\n\t\t\t\t\t\t\t  \t\"endDate\": \"2026-8-29T22-22-15-00\",\r\n\t\t\t\t\t\t\t  \t\"image\":\"https:\/\/www.losesculloscabodegata.com\/wp-content\/uploads\/2026\/08\/Planning-Feria-de-los-escullos-sabado-29-agosto-300x225.jpg\",\r\n\t\t\t\t\t\t\t  \t\"description\":\"FERIA DE LOS ESCULLOS - S\u00c1BADO 29\",\r\n\t\t\t\t\t\t\t  \t\r\n\t\t\t\t\t\t\t }<\/script><\/div>\r\n\t\t\t\t<p class=\"desc_trig_outter\"><a data-gmap_status=\"null\" data-exlk=\"0\" style=\"border-color: #206177;\" id=\"evc_178799940025592\" class=\"hasFtIMG desc_trig sin_val evcal_list_a\" data-ux_val=\"1\"  ><span class='ev_ftImg' data-img='https:\/\/www.losesculloscabodegata.com\/wp-content\/uploads\/2026\/08\/Planning-Feria-de-los-escullos-sabado-29-agosto.jpg' data-thumb='https:\/\/www.losesculloscabodegata.com\/wp-content\/uploads\/2026\/08\/Planning-Feria-de-los-escullos-sabado-29-agosto-300x225.jpg' style='background-image:url(\"https:\/\/www.losesculloscabodegata.com\/wp-content\/uploads\/2026\/08\/Planning-Feria-de-los-escullos-sabado-29-agosto-300x225.jpg\")'><\/span><span class='evcal_cblock ' data-bgcolor='#206177' data-smon='Agosto' data-syr='2026'><span class='evo_start '><em class='date'>29<\/em><em class='month'>Ago<\/em><em class='time'>10:30 am<\/em><\/span><span class='evo_end only_time'><em class='time'>10:15 pm<\/em><\/span><em class='clear'><\/em><\/span><span class='evcal_desc evo_info hide_eventtopdata '  data-location_status=\"false\" ><span class='evo_above_title'><\/span><span class='evcal_desc2 evcal_event_title' itemprop='name'>FERIA DE LOS ESCULLOS - S\u00c1BADO 29<\/span><span class='evo_below_title'><\/span><span class='evcal_desc_info' ><\/span><span class='evcal_desc3'><\/span><\/span><em class='clear'><\/em><\/p><\/a><div class='event_description evcal_eventcard ' style=\"display:none\"><div class='evo_metarow_directimg'><img src='https:\/\/www.losesculloscabodegata.com\/wp-content\/uploads\/2026\/08\/Planning-Feria-de-los-escullos-sabado-29-agosto.jpg' \/><\/div><div class='evo_metarow_time evorow evcal_evdata_row bordb evcal_evrow_sm  lastrow'>\r\n\t\t\t\t\t\t\t<span class='evcal_evdata_icons'><i class='fa fa-clock-o'><\/i><\/span>\r\n\t\t\t\t\t\t\t<div class='evcal_evdata_cell'>\t\t\t\t\t\t\t\r\n\t\t\t\t\t\t\t\t<h3 class='evo_h3'><span class='evcal_evdata_icons'><i class='fa fa-clock-o'><\/i><\/span>Hora<\/h3><p>(S\u00e1bado) 10:30 am - 10:15 pm<\/p>\r\n\t\t\t\t\t\t\t<\/div>\r\n\t\t\t\t\t\t<div class='evcal_evdata_row evcal_close' title='Close'><\/div><\/div><\/div><div class='clear end'><\/div><\/div>\t\t\t<div class='clear'><\/div>\r\n\t\t\t<\/div><!-- #evcal_list-->\r\n\t\t\t<div class='clear'><\/div>\r\n\r\n\t\t\t\t\t \t<div class='evocal_data'  data-base='{\"cyear\":\"2026\",\"cmonth\":\"8\",\"runajax\":\"1\",\"evc_open\":\"0\",\"cal_ver\":\"2.6.11\",\"mapscroll\":\"true\",\"mapformat\":\"roadmap\",\"mapzoom\":\"18\",\"mapiconurl\":\"\",\"ev_cnt\":\"0\",\"show_limit\":\"no\",\"tiles\":\"no\",\"sort_by\":\"sort_date\",\"filters_on\":\"false\",\"range_start\":0,\"range_end\":0,\"send_unix\":\"0\",\"ux_val\":\"0\",\"accord\":\"0\",\"rtl\":\"no\"}' data-sc='{\"hide_past\":\"no\",\"show_et_ft_img\":\"yes\",\"event_order\":\"ASC\",\"ft_event_priority\":\"no\",\"lang\":\"L1\",\"month_incre\":\"0\",\"only_ft\":\"no\",\"evc_open\":\"no\",\"show_limit\":\"no\",\"etc_override\":\"no\",\"show_limit_redir\":\"0\",\"tiles\":\"no\",\"tile_height\":\"0\",\"tile_bg\":\"0\",\"tile_count\":\"2\",\"tile_style\":\"0\",\"s\":\"\",\"members_only\":\"no\",\"ux_val\":\"0\",\"show_limit_ajax\":\"no\",\"show_limit_paged\":\"1\",\"hide_mult_occur\":\"no\",\"show_repeats\":\"no\"}'><\/div>\r\n\t\t\t\t\r\n\t\t\t\r\n\t\t\t\t\t\t<\/div><!-- .ajde_evcal_calendar-->\r\n\r\n\t\t\t[\/vc_column_text][\/vc_column][\/vc_row][vc_row][vc_column][vc_basic_grid post_type=&#8221;ids&#8221; item=&#8221;3646&#8243; grid_id=&#8221;vc_gid:1534412066460-3ea2c518-e3a1-5&#8243; include=&#8221;1326, 1330, 1308&#8243;][\/vc_column][\/vc_row]<\/p>\n<\/div>","protected":false},"excerpt":{"rendered":"<p>[vc_row][vc_column][vc_column_text][\/vc_column_text][\/vc_column][\/vc_row][vc_row][vc_column][vc_basic_grid post_type=&#8221;ids&#8221; item=&#8221;3646&#8243; grid_id=&#8221;vc_gid:1534412066460-3ea2c518-e3a1-5&#8243; include=&#8221;1326, 1330, 1308&#8243;][\/vc_column][\/vc_row]<\/p>\n","protected":false},"author":2,"featured_media":0,"parent":0,"menu_order":0,"comment_status":"closed","ping_status":"closed","template":"","meta":{"_acf_changed":false,"footnotes":""},"class_list":["post-4792","page","type-page","status-publish","hentry"],"acf":[],"publishpress_future_action":{"enabled":false,"date":"2026-09-07 07:03:04","action":"change-status","newStatus":"draft","terms":[],"taxonomy":"translation_priority","extraData":[]},"publishpress_future_workflow_manual_trigger":{"enabledWorkflows":[]},"_links":{"self":[{"href":"https:\/\/www.losesculloscabodegata.com\/en\/wp-json\/wp\/v2\/pages\/4792","targetHints":{"allow":["GET"]}}],"collection":[{"href":"https:\/\/www.losesculloscabodegata.com\/en\/wp-json\/wp\/v2\/pages"}],"about":[{"href":"https:\/\/www.losesculloscabodegata.com\/en\/wp-json\/wp\/v2\/types\/page"}],"author":[{"embeddable":true,"href":"https:\/\/www.losesculloscabodegata.com\/en\/wp-json\/wp\/v2\/users\/2"}],"replies":[{"embeddable":true,"href":"https:\/\/www.losesculloscabodegata.com\/en\/wp-json\/wp\/v2\/comments?post=4792"}],"version-history":[{"count":9,"href":"https:\/\/www.losesculloscabodegata.com\/en\/wp-json\/wp\/v2\/pages\/4792\/revisions"}],"predecessor-version":[{"id":4821,"href":"https:\/\/www.losesculloscabodegata.com\/en\/wp-json\/wp\/v2\/pages\/4792\/revisions\/4821"}],"wp:attachment":[{"href":"https:\/\/www.losesculloscabodegata.com\/en\/wp-json\/wp\/v2\/media?parent=4792"}],"curies":[{"name":"wp","href":"https:\/\/api.w.org\/{rel}","templated":true}]}}